{"id":428,"date":"2017-07-23T14:43:47","date_gmt":"2017-07-23T12:43:47","guid":{"rendered":"http:\/\/chiro-creteil.fr\/chiro-creteil-test\/?page_id=428"},"modified":"2017-07-31T14:50:58","modified_gmt":"2017-07-31T12:50:58","slug":"acces-contact","status":"publish","type":"page","link":"http:\/\/chiro-creteil.fr\/index.php\/acces-contact\/","title":{"rendered":"Acc\u00e8s &#038; Contact"},"content":{"rendered":"<div id=\"pl-428\"  class=\"panel-layout\" >\n<div id=\"pg-428-0\"  class=\"panel-grid panel-has-style\"  data-style=\"{&quot;padding&quot;:&quot;65px&quot;,&quot;cell_alignment&quot;:&quot;flex-start&quot;,&quot;align&quot;:&quot;&quot;,&quot;overlay&quot;:&quot;&quot;,&quot;overlay_color&quot;:&quot;#000000&quot;}\" >\n<div style=\"padding: 65px 0; \" data-overlay=\"true\" data-overlay-color=\"#000000\" class=\"panel-row-style panel-row-style-for-428-0\" >\n<div id=\"pgc-428-0-0\"  class=\"panel-grid-cell\"  data-weight=\"1\" >\n<div id=\"panel-428-0-0-0\" class=\"so-panel widget widget_text panel-first-child panel-last-child\" data-index=\"0\" data-style=\"{&quot;background_display&quot;:&quot;tile&quot;,&quot;content_alignment&quot;:&quot;left&quot;,&quot;title_color&quot;:&quot;#443f3f&quot;,&quot;headings_color&quot;:&quot;#443f3f&quot;}\" >\n<div style=\"text-align: left;\" data-title-color=\"#443f3f\" data-headings-color=\"#443f3f\" class=\"panel-widget-style panel-widget-style-for-428-0-0-0\" >\n<h3 class=\"widget-title\">Acc\u00e8s<\/h3>\n<div class=\"textwidget\"><\/div>\n<\/p><\/div>\n<\/div>\n<\/div>\n<\/div>\n<\/div>\n<div id=\"pg-428-1\"  class=\"panel-grid panel-has-style\"  data-style=\"{&quot;padding&quot;:&quot;0px&quot;,&quot;cell_alignment&quot;:&quot;flex-start&quot;,&quot;align&quot;:&quot;&quot;,&quot;overlay&quot;:&quot;&quot;,&quot;overlay_color&quot;:&quot;#000000&quot;}\" >\n<div style=\"padding: 0px 0; \" data-overlay=\"true\" data-overlay-color=\"#000000\" class=\"panel-row-style panel-row-style-for-428-1\" >\n<div id=\"pgc-428-1-0\"  class=\"panel-grid-cell\"  data-style=\"{&quot;background_display&quot;:&quot;tile&quot;,&quot;vertical_alignment&quot;:&quot;center&quot;}\"  data-weight=\"0.5\" >\n<div id=\"panel-428-1-0-0\" class=\"so-panel widget widget_text panel-first-child panel-last-child\" data-index=\"1\" data-style=\"{&quot;background_image_attachment&quot;:false,&quot;background_display&quot;:&quot;tile&quot;,&quot;content_alignment&quot;:&quot;left&quot;,&quot;title_color&quot;:&quot;#443f3f&quot;,&quot;headings_color&quot;:&quot;#443f3f&quot;}\" >\n<div style=\"text-align: left;\" data-title-color=\"#443f3f\" data-headings-color=\"#443f3f\" class=\"panel-widget-style panel-widget-style-for-428-1-0-0\" >\n<div class=\"textwidget\">\n<p><span class=\" mobile-undersized-upper\">Le cabinet est situ\u00e9 au:\u00a0<\/span><strong><span class=\" mobile-undersized-upper\">29 Avenue de Ceinture,\u00a0<\/span><span class=\" mobile-undersized-upper\">94000 Cr\u00e9teil<\/span><\/strong><\/p>\n<div>\n<p><span class=\" mobile-undersized-upper\"><strong>En voiture:<\/strong> Dans la rue, sans parc-m\u00e8tres.<\/span><\/p>\n<p><span class=\" mobile-undersized-upper\"><strong> En m\u00e9tro:<\/strong> \u00a0<img loading=\"lazy\" decoding=\"async\" class=\"alignnone wp-image-140\" style=\"vertical-align: bottom;\" src=\"http:\/\/chiro-creteil.fr\/wp-content\/uploads\/2017\/07\/logo-metro-8-g2-1.png\" alt=\"\" width=\"31\" height=\"31\" \/>\u00a0\u00a0<\/span><span class=\" mobile-undersized-upper\">Station \u00ab\u00a0Cr\u00e9teil l&rsquo;\u00c9chat\u00a0\u00bb<\/span><\/p>\n<p><span class=\" mobile-undersized-upper\"><strong> En bus:<\/strong> \u00a0<img loading=\"lazy\" decoding=\"async\" class=\"alignnone wp-image-141\" style=\"vertical-align: bottom;\" src=\"http:\/\/chiro-creteil.fr\/wp-content\/uploads\/2017\/07\/217-300x200.jpg\" alt=\"\" width=\"45\" height=\"31\" srcset=\"http:\/\/chiro-creteil.fr\/wp-content\/uploads\/2017\/07\/217-300x200.jpg 300w, http:\/\/chiro-creteil.fr\/wp-content\/uploads\/2017\/07\/217-601x400.jpg 601w, http:\/\/chiro-creteil.fr\/wp-content\/uploads\/2017\/07\/217.jpg 744w\" sizes=\"auto, (max-width: 45px) 100vw, 45px\" \/>\u00a0 Arr\u00eat \u00ab\u00a0Henri Mondor &#8211; Laferriere\u00a0\u00bb<\/span><\/p>\n<\/div>\n<\/div><\/div>\n<\/div>\n<\/div>\n<div id=\"pgc-428-1-1\"  class=\"panel-grid-cell\"  data-weight=\"0.5\" >\n<div id=\"panel-428-1-1-0\" class=\"so-panel widget widget_text panel-first-child panel-last-child\" data-index=\"2\" data-style=\"{&quot;background_display&quot;:&quot;tile&quot;,&quot;content_alignment&quot;:&quot;center&quot;,&quot;title_color&quot;:&quot;#443f3f&quot;,&quot;headings_color&quot;:&quot;#443f3f&quot;}\" >\n<div style=\"text-align: center;\" data-title-color=\"#443f3f\" data-headings-color=\"#443f3f\" class=\"panel-widget-style panel-widget-style-for-428-1-1-0\" >\n<div class=\"textwidget\">\n<p><iframe loading=\"lazy\" src=\"https:\/\/www.google.com\/maps\/embed?pb=!1m18!1m12!1m3!1d2628.0835014307777!2d2.4571201635719215!3d48.79938493502173!2m3!1f0!2f0!3f0!3m2!1i1024!2i768!4f13.1!3m3!1m2!1s0x47e60ccebf78a921%3A0x16df5ecd9a531f75!2s29+Avenue+de+Ceinture%2C+94000+Cr%C3%A9teil!5e0!3m2!1sfr!2sfr!4v1499875449004\" width=\"400\" height=\"300\" frameborder=\"0\" allowfullscreen=\"allowfullscreen\"><\/iframe><\/p>\n<\/div><\/div>\n<\/div>\n<\/div>\n<\/div>\n<\/div>\n<div id=\"pg-428-2\"  class=\"panel-grid panel-has-style\"  data-style=\"{&quot;cell_alignment&quot;:&quot;flex-start&quot;,&quot;align&quot;:&quot;&quot;,&quot;overlay&quot;:&quot;&quot;,&quot;overlay_color&quot;:&quot;#000000&quot;}\" >\n<div style=\"padding: 100px 0; \" data-overlay=\"true\" data-overlay-color=\"#000000\" class=\"panel-row-style panel-row-style-for-428-2\" >\n<div id=\"pgc-428-2-0\"  class=\"panel-grid-cell\"  data-weight=\"0.5\" >\n<div id=\"panel-428-2-0-0\" class=\"so-panel widget widget_text panel-first-child panel-last-child\" data-index=\"3\" data-style=\"{&quot;background_display&quot;:&quot;tile&quot;,&quot;content_alignment&quot;:&quot;left&quot;,&quot;title_color&quot;:&quot;#443f3f&quot;,&quot;headings_color&quot;:&quot;#443f3f&quot;}\" >\n<div style=\"text-align: left;\" data-title-color=\"#443f3f\" data-headings-color=\"#443f3f\" class=\"panel-widget-style panel-widget-style-for-428-2-0-0\" >\n<h3 class=\"widget-title\">Contact<\/h3>\n<div class=\"textwidget\">\n<p><span class=\" mobile-undersized-upper\">Les visites se d\u00e9roulent sur rendez-vous en t\u00e9l\u00e9phonant au\u00a0<\/span><strong><span class=\" mobile-undersized-upper\">06.67.28.04.39<\/span><\/strong><\/p>\n<p><span class=\" mobile-undersized-upper\">Vous pouvez \u00e9galement me contacter par mail gr\u00e2ce au formulaire suivant:<\/span><\/p>\n<p>\u00a0<\/p>\n<p>[contact-form-7 id=\u00a0\u00bb148&Prime; title=\u00a0\u00bbFormulaire de contact 1&Prime;]<\/p>\n<\/div><\/div>\n<\/div>\n<\/div>\n<div id=\"pgc-428-2-1\"  class=\"panel-grid-cell\"  data-weight=\"0.5\" >\n<div id=\"panel-428-2-1-0\" class=\"so-panel widget widget_text panel-first-child\" data-index=\"4\" data-style=\"{&quot;background_display&quot;:&quot;tile&quot;,&quot;content_alignment&quot;:&quot;center&quot;,&quot;title_color&quot;:&quot;#443f3f&quot;,&quot;headings_color&quot;:&quot;#443f3f&quot;}\" >\n<div style=\"text-align: center;\" data-title-color=\"#443f3f\" data-headings-color=\"#443f3f\" class=\"panel-widget-style panel-widget-style-for-428-2-1-0\" >\n<h3 class=\"widget-title\">Horaires<\/h3>\n<div class=\"textwidget\">\n<p>Le cabinet est ouvert du lundi au samedi.<\/p>\n<\/div><\/div>\n<\/div>\n<div id=\"panel-428-2-1-1\" class=\"so-panel widget widget_text panel-last-child\" data-index=\"5\" data-style=\"{&quot;padding&quot;:&quot;100px 0px 0px 0px&quot;,&quot;background_display&quot;:&quot;tile&quot;,&quot;content_alignment&quot;:&quot;left&quot;,&quot;title_color&quot;:&quot;#443f3f&quot;,&quot;headings_color&quot;:&quot;#443f3f&quot;}\" >\n<div style=\"text-align: left;\" data-title-color=\"#443f3f\" data-headings-color=\"#443f3f\" class=\"panel-widget-style panel-widget-style-for-428-2-1-1\" >\n<h3 class=\"widget-title\">Tarif et remboursement<\/h3>\n<div class=\"textwidget\">\n<div>La premi\u00e8re visite sera factur\u00e9e<strong style=\"font-size: 16px;\"> 55 euros<\/strong><span style=\"font-size: 16px;\"> et les suivantes <\/span><strong style=\"font-size: 16px;\">50 euros<\/strong><span style=\"font-size: 16px;\">.<\/span><\/div>\n<div>\n<p><span class=\" mobile-undersized-upper\">Pour les enfants de moins de 16 ans, les visites sont de <strong>35 euros<\/strong>.<\/span><\/p>\n<\/div>\n<div>\n<p><span class=\" mobile-undersized-upper\">Les visites ne sont pas prises en charge par la S\u00e9curit\u00e9 sociale mais le sont par la plupart des mutuelles.<\/span><\/p>\n<p><span class=\" mobile-undersized-upper\">Renseignez vous aupr\u00e8s de votre mutuelle pour conna\u00eetre le niveau de remboursement.<\/span><\/p>\n<\/div>\n<\/div><\/div>\n<\/div>\n<\/div>\n<\/div>\n<\/div>\n<\/div>\n","protected":false},"excerpt":{"rendered":"<p>Acc\u00e8s Le cabinet est situ\u00e9 au:\u00a029 Avenue de Ceinture,\u00a094000 Cr\u00e9teil En voiture: Dans la rue, sans parc-m\u00e8tres. En m\u00e9tro: \u00a0\u00a0\u00a0Station \u00ab\u00a0Cr\u00e9teil l&rsquo;\u00c9chat\u00a0\u00bb En bus: \u00a0\u00a0 Arr\u00eat \u00ab\u00a0Henri Mondor &#8211; Laferriere\u00a0\u00bb Contact Les visites se d\u00e9roulent sur rendez-vous en t\u00e9l\u00e9phonant au\u00a006.67.28.04.39 Vous pouvez \u00e9galement me contacter par mail gr\u00e2ce au formulaire suivant: \u00a0 [contact-form-7 id=\u00a0\u00bb148&Prime; title=\u00a0\u00bbFormulaire [&hellip;]<\/p>\n","protected":false},"author":1,"featured_media":0,"parent":0,"menu_order":0,"comment_status":"closed","ping_status":"closed","template":"page-templates\/page_front-page.php","meta":{"footnotes":""},"class_list":["post-428","page","type-page","status-publish","hentry"],"_links":{"self":[{"href":"http:\/\/chiro-creteil.fr\/index.php\/wp-json\/wp\/v2\/pages\/428","targetHints":{"allow":["GET"]}}],"collection":[{"href":"http:\/\/chiro-creteil.fr\/index.php\/wp-json\/wp\/v2\/pages"}],"about":[{"href":"http:\/\/chiro-creteil.fr\/index.php\/wp-json\/wp\/v2\/types\/page"}],"author":[{"embeddable":true,"href":"http:\/\/chiro-creteil.fr\/index.php\/wp-json\/wp\/v2\/users\/1"}],"replies":[{"embeddable":true,"href":"http:\/\/chiro-creteil.fr\/index.php\/wp-json\/wp\/v2\/comments?post=428"}],"version-history":[{"count":29,"href":"http:\/\/chiro-creteil.fr\/index.php\/wp-json\/wp\/v2\/pages\/428\/revisions"}],"predecessor-version":[{"id":500,"href":"http:\/\/chiro-creteil.fr\/index.php\/wp-json\/wp\/v2\/pages\/428\/revisions\/500"}],"wp:attachment":[{"href":"http:\/\/chiro-creteil.fr\/index.php\/wp-json\/wp\/v2\/media?parent=428"}],"curies":[{"name":"wp","href":"https:\/\/api.w.org\/{rel}","templated":true}]}}